{"id":32,"date":"2019-02-25T14:11:37","date_gmt":"2019-02-25T13:11:37","guid":{"rendered":"https:\/\/webdata.uber.space\/wordpress\/?page_id=32"},"modified":"2024-07-09T17:10:01","modified_gmt":"2024-07-09T15:10:01","slug":"team","status":"publish","type":"page","link":"https:\/\/www.gesundheitspraxis-neuss.com\/wordpress\/team\/","title":{"rendered":"Team"},"content":{"rendered":"\n<article>\n<h2>An dieser Stelle m\u00f6chten wir Ihnen gerne unser Team vorstellen:<\/h2>\n<div  class=\"lgc-column lgc-grid-parent lgc-grid-20 lgc-tablet-grid-50 lgc-mobile-grid-30 lgc-equal-heights \"><div  class=\"inside-grid-column\"><br \/><img decoding=\"async\" src=\"https:\/\/www.gesundheitspraxis-neuss.com\/wordpress\/wp-content\/uploads\/2019\/04\/dr_kutscha_portrait_web.jpg\" width=\"100px\"\/><br \/><\/div><\/div><br><div  class=\"lgc-column lgc-grid-parent lgc-grid-80 lgc-tablet-grid-50 lgc-mobile-grid-70 lgc-equal-heights \"><div  class=\"inside-grid-column\"><br \/><span class=\"teamperson\">Dr. med. Andreas Kutscha<br \/><\/span>Facharzt f\u00fcr Innere Medizin, <a href=\"https:\/\/www.gesundheitspraxis-neuss.com\/wordpress\/kardiologie-pneumologie-und-schlafmedizin\/\">Kardiologie, Pneumologie, Schlafmedizin<\/a><br \/><br \/>\n<details>\n<summary><i class=\"fa fa-caret-right\"><\/i> Vita [klick]<\/summary>\n<p class=\"shadowblock\">\n<strong>\u00c4rztliche Vita<\/strong><br \/>\n\u2022 Seit 2019 <br \/>\n&nbsp; &nbsp; Gesundheitspraxis Neuss<br \/>\n\u2022 2018<br \/>\n&nbsp; &nbsp;  Angestellter Arzt in Allgemeinmedizinischer Praxis in Ratingen<br \/>\n\u2022 2012 &#8211; 2017<br \/>\n&nbsp; &nbsp;  Chefarzt Kardiologie, Pneumologie, Schlaf- und Beatmungsmedizin<br \/>\n&nbsp; &nbsp;   Helios St. Josefs- Hospital Bochum<br \/>\n\u2022 2005 &#8211; 2012<br \/>\n&nbsp; &nbsp;  Oberarzt Innere Medizin Petrus-Krankenhaus Wuppertal<br \/>\n\u2022 2000 &#8211; 2005<br \/>\n&nbsp; &nbsp;  Assistenzarzt  Kardiologie in Herne und Gelsenkirchen<br \/> \n\u2022 1996 &#8211; 2000<br \/>\n&nbsp; &nbsp;  Wissenschaftlicher Mitarbeiter <br \/>\n&nbsp; &nbsp;  Medizinische Klinik der Universit\u00e4tsklinik Freiburg <br \/>\n<br \/>\n<strong>Studium<\/strong><br \/>\n\u2022 1989 &#8211; 1996 <br \/>\n&nbsp; &nbsp; Studium der Humanmedizin in Marburg<br \/>\n<br \/>\n<strong>Facharztanerkennungen, Zusatzbezeichnungen<\/strong><br \/>\n\u2022 2014 Zusatzbezeichnung Schlafmedizin <br \/>\n\u2022 2009 Schwerpunktbezeichnung Pneumologie<br \/>\n\u2022 2004 Schwerpunktbezeichnung Kardiologie<br \/>\n\u2022 2003 Facharzt f\u00fcr Innere Medizin<br \/>\n<br \/>\n<strong>Mitgliedschaften:<\/strong><br \/>\n\u2022 Deutsche Gesellschaft f\u00fcr Innere Medizin<br \/>\n\u2022 Deutsche Gesellschaft f\u00fcr Kardiologie<br \/>\n<br \/>\n<strong>Ver\u00f6ffentlichungen:<&#038;strong><br \/>\n\u2022 Lunge und Herz, Der Internist 2007<br \/>\n\u2022 A case of atypical pneumonia 1997<br \/>\n<br \/>\n<\/strong><strong>Dissertation:<\/strong><br \/>\n\u2022 Epstein-Barr Virus-Infektion bei Patienten nach Herztransplantation, Marburg 1999<br \/>\n<\/p>\n<\/details>\n<\/div><\/div>\n<br><div  class=\"lgc-column lgc-grid-parent lgc-grid-100 lgc-tablet-grid-100 lgc-mobile-grid-100 lgc-equal-heights \"><div  class=\"inside-grid-column\">\n<h3>Med. Fachangestellte<\/h3>\n<\/div><\/div>\n<div  class=\"lgc-column lgc-grid-parent lgc-grid-20 lgc-tablet-grid-50 lgc-mobile-grid-30 lgc-equal-heights \"><div  class=\"inside-grid-column\"><br \/><img decoding=\"async\" src=\"https:\/\/www.gesundheitspraxis-neuss.com\/wordpress\/wp-content\/uploads\/2019\/04\/monika_ritgen_weber_portrait_web.jpg\" width=\"100px\"\/><br \/><\/div><\/div>\n<div  class=\"lgc-column lgc-grid-parent lgc-grid-80 lgc-tablet-grid-50 lgc-mobile-grid-70 lgc-equal-heights \"><div  class=\"inside-grid-column\"><br \/><span class=\"teamperson\">Monika Ritgen-Weber<\/span><br \/>EVA -Entlastende Versorgungsassistentin<br \/>\n\u201eEVA\u201c steht f\u00fcr Entlastende Versorgungs-Assistentin. Unsere EVA, Frau Monika Ritgen-Weber, unterst\u00fctzt in dieser Funktion, neben ihren sonstigen Aufgaben als medizinische Fachangestellte, das \u00c4rzteteam bei den Hausbesuchen. Hierzu hat Frau Ritgen-Weber eine spezielle Qualifikation bei der \u00c4rztekammer Nordrhein erworben.\n<br \/><br \/>\n<details>\n<summary>Aufgabenbereiche<\/summary>\n<p class=\"shadowblock\">\n<strong>Ihre Aufgaben:<\/strong><br \/>\n<br \/>\n    \u2022 Betreuung von chronisch kranken Patienten<br \/>\n    \u2022 Assistenz in der haus\u00e4rztlichen Betreuung<br \/>\n    \u2022 Blutentnahmen zu Hause<br \/>\n    \u2022 Verb\u00e4nde anlegen und wechseln zu Hause<br \/>\n    \u2022 Arzneimittel\u00fcberwachung<br \/>\n    \u2022 Soziahygienische Betreuung von Patienten<br \/>\n    \u2022 Betreuung bei h\u00e4uslicher Krankenpflege<br \/>\n<\/p>\n<\/details>\n<\/div><\/div>\n<div  class=\"lgc-column lgc-grid-parent lgc-grid-20 lgc-tablet-grid-50 lgc-mobile-grid-30 lgc-equal-heights \"><div  class=\"inside-grid-column\"><br \/><small style=\"font-size:0.8em !important;font-style: italic !important\";>Foto folgt!<\/small><\/div><\/div>\n<div  class=\"lgc-column lgc-grid-parent lgc-grid-30 lgc-tablet-grid-50 lgc-mobile-grid-70 lgc-equal-heights \"><div  class=\"inside-grid-column\"><br \/><span class=\"teamperson\">Silke Stampf <\/span><br \/>Med. Fachangestellte<br \/><\/div><\/div><div class=\"lgc-clear\"><\/div>\n<div  class=\"lgc-column lgc-grid-parent lgc-grid-20 lgc-tablet-grid-50 lgc-mobile-grid-30 lgc-equal-heights \"><div  class=\"inside-grid-column\"><br \/><img decoding=\"async\" src=\"https:\/\/www.gesundheitspraxis-neuss.com\/wordpress\/wp-content\/uploads\/2019\/04\/monika_romanski_portrait_web.jpg\" width=\"100px\"\/><br \/><\/div><\/div>\n<div  class=\"lgc-column lgc-grid-parent lgc-grid-30 lgc-tablet-grid-50 lgc-mobile-grid-70 lgc-equal-heights \"><div  class=\"inside-grid-column\"><br \/><span class=\"teamperson\">Monika Romanski<\/span><br \/>Med. Fachangestellte<br \/><\/div><\/div>\n<\/article>\n","protected":false},"excerpt":{"rendered":"<p>An dieser Stelle m\u00f6chten wir Ihnen gerne unser Team vorstellen:<\/p>\n","protected":false},"author":1,"featured_media":0,"parent":0,"menu_order":0,"comment_status":"closed","ping_status":"closed","template":"","meta":{"footnotes":""},"class_list":["post-32","page","type-page","status-publish","hentry"],"_links":{"self":[{"href":"https:\/\/www.gesundheitspraxis-neuss.com\/wordpress\/wp-json\/wp\/v2\/pages\/32","targetHints":{"allow":["GET"]}}],"collection":[{"href":"https:\/\/www.gesundheitspraxis-neuss.com\/wordpress\/wp-json\/wp\/v2\/pages"}],"about":[{"href":"https:\/\/www.gesundheitspraxis-neuss.com\/wordpress\/wp-json\/wp\/v2\/types\/page"}],"author":[{"embeddable":true,"href":"https:\/\/www.gesundheitspraxis-neuss.com\/wordpress\/wp-json\/wp\/v2\/users\/1"}],"replies":[{"embeddable":true,"href":"https:\/\/www.gesundheitspraxis-neuss.com\/wordpress\/wp-json\/wp\/v2\/comments?post=32"}],"version-history":[{"count":34,"href":"https:\/\/www.gesundheitspraxis-neuss.com\/wordpress\/wp-json\/wp\/v2\/pages\/32\/revisions"}],"predecessor-version":[{"id":569,"href":"https:\/\/www.gesundheitspraxis-neuss.com\/wordpress\/wp-json\/wp\/v2\/pages\/32\/revisions\/569"}],"wp:attachment":[{"href":"https:\/\/www.gesundheitspraxis-neuss.com\/wordpress\/wp-json\/wp\/v2\/media?parent=32"}],"curies":[{"name":"wp","href":"https:\/\/api.w.org\/{rel}","templated":true}]}}